{"id":4509,"date":"2019-06-15T15:03:11","date_gmt":"2019-06-15T15:03:11","guid":{"rendered":"http:\/\/reddeapoyocanino.org\/?post_type=tribe_events&#038;p=4509"},"modified":"2019-06-16T04:28:57","modified_gmt":"2019-06-16T04:28:57","slug":"jornada-de-esterilizacion-rac-perez-bonalde-domingo-21-de-julio","status":"publish","type":"tribe_events","link":"https:\/\/reddeapoyocanino.org\/en\/calendario\/jornada-de-esterilizacion-rac-perez-bonalde-domingo-21-de-julio\/","title":{"rendered":"Jornada de Esterilizaci\u00f3n RAC \u2013 P\u00e9rez Bonalde"},"content":{"rendered":"<p><span style=\"font-weight: 400;\">Jornada de Esterilizaci\u00f3n RAC \u2013 P\u00e9rez Bonalde, domingo 21 de julio<\/span><\/p>\n<p><span style=\"font-weight: 400;\">Direcci\u00f3n: Avenida Bol\u00edvar o Avenida Principal el Cuartel. Urbanizaci\u00f3n Sim\u00f3n Bol\u00edvar, Cancha del Festival 64. Entre los bloques Nro. 16 y Nro. 10.<br \/>\nEstaci\u00f3n de Metro P\u00e9rez Bonalde, Calle Bol\u00edvar, Urbanizaci\u00f3n Sim\u00f3n Bol\u00edvar. (calle de bloques de 4 pisos ) Ubicar el sal\u00f3n Festival 64, al lado del Bloque 17, entrar por el port\u00f3n gris que esta al lado del Bloque 17 que es como un estacionamiento.<br \/>\n(Calle Bol\u00edvar de Catia diagonal a Radiadores El Tigre, hay un port\u00f3n de rejas negras que est\u00e1 al lado del Bloque 17, por ese port\u00f3n entrar y caminar derecho van a ver una cancha, all\u00ed es Festival 64).<\/span><\/p>\n<p><span style=\"font-weight: 400;\">Cupos: <\/span><a href=\"https:\/\/goo.gl\/forms\/W58DDupCegOeeBD13\"><span style=\"font-weight: 400;\">https:\/\/goo.gl\/forms\/W58DDupCegOeeBD13<\/span><\/a><\/p>\n<p><span style=\"font-weight: 400;\">T\u00e9rminos y Condiciones: <\/span><\/p>\n<p><a href=\"https:\/\/drive.google.com\/file\/d\/1ZUYA6l8xpMQlL6LT7WqnOUhtZZmCVQhy\/view?usp=sharing\"><span style=\"font-weight: 400;\">https:\/\/drive.google.com\/file\/d\/1ZUYA6l8xpMQlL6LT7WqnOUhtZZmCVQhy\/view?usp=sharing<\/span><\/a><\/p>\n<p><span style=\"font-weight: 400;\">Hora de inicio de la jornada: 9:00 AM.<\/span><\/p>\n<p>&nbsp;<\/p>\n<p><span style=\"font-weight: 400;\">Costos de las cirug\u00edas subsidiados por el Fondo de Esterilizaciones RAC:<\/span><\/p>\n<p><span style=\"font-weight: 400;\">Gatos y gatas Bs. S. 40.000<\/span><\/p>\n<p><span style=\"font-weight: 400;\">Perras y perros hasta 20 Bs. S. 60.000<\/span><\/p>\n<p><span style=\"font-weight: 400;\">Perras y perros entre 21 Kg y 25 Kg Bs. S. 65.000<\/span><\/p>\n<p><span style=\"font-weight: 400;\">Perras y perros de 26 a 30 Kg Bs. S.75.000<\/span><\/p>\n<p><span style=\"font-weight: 400;\">Caninos hembras y machos entre 31 y 35 Kg. BS.150.000,00<\/span><\/p>\n<p><span style=\"font-weight: 400;\">Perros de peso mayor, favor consultar los precios a esterilizaciones@reddeapoyocanino.org<\/span><\/p>\n<p><span style=\"font-weight: 400;\">Tratamiento post-operatorio Bs. S 3.000 (felinos machos no lo requieren)<\/span><\/p>\n<p>&nbsp;<\/p>\n<p><span style=\"font-weight: 400;\">El cupo se solicita EXCLUSIVAMENTE llenando el formulario indicado arriba. No se atender\u00e1n solicitudes por otra v\u00eda.<\/span><\/p>\n<p>&nbsp;<\/p>\n<p><span style=\"font-weight: 400;\">Por favor NO transfiera el dinero hasta tanto se confirme su cupo. <\/span><\/p>\n<p>&nbsp;<\/p>\n<p><span style=\"font-weight: 400;\">M\u00e9todos de pago: V\u00eda transferencia electr\u00f3nica a la cuenta de la RAC BANESCO Cuenta Corriente 0134 0343 15 3431040769 RED DE APOYO CANINO Rif. J-29458441-1.<\/span><\/p>\n<p>&nbsp;<\/p>\n<p><span style=\"font-weight: 400;\">MODALIDAD DE INGRESO DE LOS ANIMALES. Todo el p\u00fablico debe estar a las 9.00 con sus animales. Pensando en la comodidad del p\u00fablico, en evitar que perros y gatos permanezcan mucho tiempo en un mismo ambiente, y teniendo siempre como prioridad la agilidad en el desenvolvimiento de nuestras jornadas de esterilizaci\u00f3n, dividimos a los asistentes de la siguiente manera. A partir de las 9:00 am, se atender\u00e1n a todos los felinos pautados, inmediatamente se terminen los felinos se comenzar\u00e1 con los caninos machos; las perras se atienden al final y por lo general se comienza con ellas entre las 11 y las 12 del d\u00eda, algunas veces antes si el flujo de felinos y perros machos es poco. En las tres tandas se seguir\u00e1 la modalidad de orden de llegada divididos por especie y\/o sexo.<\/span><\/p>\n<p><span style=\"font-weight: 400;\">Le recomendamos tome previsiones en cuanto a refrigerios, pasatiempos, etc. Procure llevar asiento o silla port\u00e1til plegable.<\/span><\/p>\n<p>&nbsp;<\/p>\n<p><span style=\"font-weight: 400;\">Recuerde prestar atenci\u00f3n a la charla que se da antes de comenzar las cirug\u00edas.<\/span><\/p>\n<p>&nbsp;<\/p>\n<p>&nbsp;<\/p>\n<p><span style=\"font-weight: 400;\">ATENCION: Dado la situaci\u00f3n de hiperinflaci\u00f3n que atraviesa la econom\u00eda venezolana, los costos de las cirug\u00edas de esterilizaci\u00f3n podr\u00edan variar de aqu\u00ed al d\u00eda de la jornada. Procuraremos hac\u00e9rselo saber en caso de ocurrir pero la recomendaci\u00f3n es que se mantenga atento a nuestras publicaciones en redes.<\/span><\/p>\n<p>&nbsp;<\/p>\n<p><b><i>Recuerde que con el pago de la esterilizaci\u00f3n de su mascota usted est\u00e1 contribuyendo con la posibilidad de esterilizar animales de calle en permanente estado de reproducci\u00f3n, gracias al Fondo de Esterilizaciones RAC.<\/i><\/b><\/p>\n<p>&nbsp;<\/p>\n<p><b><i>Usted tambi\u00e9n puede realizar aportes directamente a nuestra cuenta en Venezuela. Si se encuentra fuera del pa\u00eds puede realizar sus contribuciones en divisas a nuestra cuenta PayPal: <\/i><\/b><a href=\"https:\/\/goo.gl\/2gHxym\"><b><i>https:\/\/goo.gl\/2gHxym<\/i><\/b><\/a><\/p>\n<p>&nbsp;<\/p>\n<p><span style=\"font-weight: 400;\">\u00a1Muchas gracias por esterilizar!<\/span><\/p>","protected":false},"excerpt":{"rendered":"<p>Jornada de Esterilizaci\u00f3n RAC \u2013 P\u00e9rez Bonalde, domingo 21 de julio Direcci\u00f3n: Avenida Bol\u00edvar o Avenida Principal el Cuartel. Urbanizaci\u00f3n Sim\u00f3n Bol\u00edvar, Cancha del Festival 64. Entre los bloques Nro. [&hellip;]<\/p>\n","protected":false},"author":2,"featured_media":0,"template":"","meta":{"site-sidebar-layout":"default","site-content-layout":"","ast-site-content-layout":"default","site-content-style":"default","site-sidebar-style":"default","ast-global-header-display":"","ast-banner-title-visibility":"","ast-main-header-display":"","ast-hfb-above-header-display":"","ast-hfb-below-header-display":"","ast-hfb-mobile-header-display":"","site-post-title":"","ast-breadcrumbs-content":"","ast-featured-img":"","footer-sml-layout":"","ast-disable-related-posts":"","theme-transparent-header-meta":"","adv-header-id-meta":"","stick-header-meta":"","header-above-stick-meta":"","header-main-stick-meta":"","header-below-stick-meta":"","astra-migrate-meta-layouts":"default","ast-page-background-enabled":"default","ast-page-background-meta":{"desktop":{"background-color":"","background-image":"","background-repeat":"repeat","background-position":"center center","background-size":"auto","background-attachment":"scroll","background-type":"","background-media":"","overlay-type":"","overlay-color":"","overlay-opacity":"","overlay-gradient":""},"tablet":{"background-color":"","background-image":"","background-repeat":"repeat","background-position":"center center","background-size":"auto","background-attachment":"scroll","background-type":"","background-media":"","overlay-type":"","overlay-color":"","overlay-opacity":"","overlay-gradient":""},"mobile":{"background-color":"","background-image":"","background-repeat":"repeat","background-position":"center center","background-size":"auto","background-attachment":"scroll","background-type":"","background-media":"","overlay-type":"","overlay-color":"","overlay-opacity":"","overlay-gradient":""}},"ast-content-background-meta":{"desktop":{"background-color":"var(--ast-global-color-5)","background-image":"","background-repeat":"repeat","background-position":"center center","background-size":"auto","background-attachment":"scroll","background-type":"","background-media":"","overlay-type":"","overlay-color":"","overlay-opacity":"","overlay-gradient":""},"tablet":{"background-color":"var(--ast-global-color-5)","background-image":"","background-repeat":"repeat","background-position":"center center","background-size":"auto","background-attachment":"scroll","background-type":"","background-media":"","overlay-type":"","overlay-color":"","overlay-opacity":"","overlay-gradient":""},"mobile":{"background-color":"var(--ast-global-color-5)","background-image":"","background-repeat":"repeat","background-position":"center center","background-size":"auto","background-attachment":"scroll","background-type":"","background-media":"","overlay-type":"","overlay-color":"","overlay-opacity":"","overlay-gradient":""}},"ngg_post_thumbnail":0,"_tribe_events_status":"","_tribe_events_status_reason":"","footnotes":""},"tags":[],"tribe_events_cat":[43],"class_list":["post-4509","tribe_events","type-tribe_events","status-publish","hentry","tribe_events_cat-jornadas-de-esterilizacion","cat_jornadas-de-esterilizacion"],"yoast_head":"<!-- This site is optimized with the Yoast SEO plugin v27.4 - https:\/\/yoast.com\/product\/yoast-seo-wordpress\/ -->\n<title>Jornada de Esterilizaci\u00f3n RAC \u2013 P\u00e9rez Bonalde - Red de Apoyo Canino<\/title>\n<meta name=\"robots\" content=\"index, follow, max-snippet:-1, max-image-preview:large, max-video-preview:-1\" \/>\n<link rel=\"canonical\" href=\"https:\/\/reddeapoyocanino.org\/en\/calendario\/jornada-de-esterilizacion-rac-perez-bonalde-domingo-21-de-julio\/\" \/>\n<meta property=\"og:locale\" content=\"en_US\" \/>\n<meta property=\"og:type\" content=\"article\" \/>\n<meta property=\"og:title\" content=\"Jornada de Esterilizaci\u00f3n RAC \u2013 P\u00e9rez Bonalde - Red de Apoyo Canino\" \/>\n<meta property=\"og:description\" content=\"Jornada de Esterilizaci\u00f3n RAC \u2013 P\u00e9rez Bonalde, domingo 21 de julio Direcci\u00f3n: Avenida Bol\u00edvar o Avenida Principal el Cuartel. Urbanizaci\u00f3n Sim\u00f3n Bol\u00edvar, Cancha del Festival 64. Entre los bloques Nro. [&hellip;]\" \/>\n<meta property=\"og:url\" content=\"https:\/\/reddeapoyocanino.org\/en\/calendario\/jornada-de-esterilizacion-rac-perez-bonalde-domingo-21-de-julio\/\" \/>\n<meta property=\"og:site_name\" content=\"Red de Apoyo Canino\" \/>\n<meta property=\"article:modified_time\" content=\"2019-06-16T04:28:57+00:00\" \/>\n<meta name=\"twitter:card\" content=\"summary_large_image\" \/>\n<meta name=\"twitter:label1\" content=\"Est. reading time\" \/>\n\t<meta name=\"twitter:data1\" content=\"3 minutes\" \/>\n<script type=\"application\/ld+json\" class=\"yoast-schema-graph\">{\"@context\":\"https:\\\/\\\/schema.org\",\"@graph\":[{\"@type\":\"WebPage\",\"@id\":\"https:\\\/\\\/reddeapoyocanino.org\\\/calendario\\\/jornada-de-esterilizacion-rac-perez-bonalde-domingo-21-de-julio\\\/\",\"url\":\"https:\\\/\\\/reddeapoyocanino.org\\\/calendario\\\/jornada-de-esterilizacion-rac-perez-bonalde-domingo-21-de-julio\\\/\",\"name\":\"Jornada de Esterilizaci\u00f3n RAC \u2013 P\u00e9rez Bonalde - Red de Apoyo Canino\",\"isPartOf\":{\"@id\":\"https:\\\/\\\/reddeapoyocanino.org\\\/#website\"},\"datePublished\":\"2019-06-15T15:03:11+00:00\",\"dateModified\":\"2019-06-16T04:28:57+00:00\",\"breadcrumb\":{\"@id\":\"https:\\\/\\\/reddeapoyocanino.org\\\/calendario\\\/jornada-de-esterilizacion-rac-perez-bonalde-domingo-21-de-julio\\\/#breadcrumb\"},\"inLanguage\":\"en-US\",\"potentialAction\":[{\"@type\":\"ReadAction\",\"target\":[\"https:\\\/\\\/reddeapoyocanino.org\\\/calendario\\\/jornada-de-esterilizacion-rac-perez-bonalde-domingo-21-de-julio\\\/\"]}]},{\"@type\":\"BreadcrumbList\",\"@id\":\"https:\\\/\\\/reddeapoyocanino.org\\\/calendario\\\/jornada-de-esterilizacion-rac-perez-bonalde-domingo-21-de-julio\\\/#breadcrumb\",\"itemListElement\":[{\"@type\":\"ListItem\",\"position\":1,\"name\":\"Home\",\"item\":\"https:\\\/\\\/reddeapoyocanino.org\\\/\"},{\"@type\":\"ListItem\",\"position\":2,\"name\":\"Eventos\",\"item\":\"https:\\\/\\\/reddeapoyocanino.org\\\/calendario\\\/\"},{\"@type\":\"ListItem\",\"position\":3,\"name\":\"Jornada de Esterilizaci\u00f3n RAC \u2013 P\u00e9rez Bonalde\"}]},{\"@type\":\"WebSite\",\"@id\":\"https:\\\/\\\/reddeapoyocanino.org\\\/#website\",\"url\":\"https:\\\/\\\/reddeapoyocanino.org\\\/\",\"name\":\"Red de Apoyo Canino\",\"description\":\"Red de Apoyo Canino\",\"publisher\":{\"@id\":\"https:\\\/\\\/reddeapoyocanino.org\\\/#organization\"},\"potentialAction\":[{\"@type\":\"SearchAction\",\"target\":{\"@type\":\"EntryPoint\",\"urlTemplate\":\"https:\\\/\\\/reddeapoyocanino.org\\\/?s={search_term_string}\"},\"query-input\":{\"@type\":\"PropertyValueSpecification\",\"valueRequired\":true,\"valueName\":\"search_term_string\"}}],\"inLanguage\":\"en-US\"},{\"@type\":\"Organization\",\"@id\":\"https:\\\/\\\/reddeapoyocanino.org\\\/#organization\",\"name\":\"Red de Apoyo Canino\",\"url\":\"https:\\\/\\\/reddeapoyocanino.org\\\/\",\"logo\":{\"@type\":\"ImageObject\",\"inLanguage\":\"en-US\",\"@id\":\"https:\\\/\\\/reddeapoyocanino.org\\\/#\\\/schema\\\/logo\\\/image\\\/\",\"url\":\"https:\\\/\\\/reddeapoyocanino.org\\\/wp-content\\\/uploads\\\/2020\\\/09\\\/cropped-cropped-logo-RAC-01-01-1.png\",\"contentUrl\":\"https:\\\/\\\/reddeapoyocanino.org\\\/wp-content\\\/uploads\\\/2020\\\/09\\\/cropped-cropped-logo-RAC-01-01-1.png\",\"width\":463,\"height\":203,\"caption\":\"Red de Apoyo Canino\"},\"image\":{\"@id\":\"https:\\\/\\\/reddeapoyocanino.org\\\/#\\\/schema\\\/logo\\\/image\\\/\"}}]}<\/script>\n<!-- \/ Yoast SEO plugin. -->","yoast_head_json":{"title":"Jornada de Esterilizaci\u00f3n RAC \u2013 P\u00e9rez Bonalde - Red de Apoyo Canino","robots":{"index":"index","follow":"follow","max-snippet":"max-snippet:-1","max-image-preview":"max-image-preview:large","max-video-preview":"max-video-preview:-1"},"canonical":"https:\/\/reddeapoyocanino.org\/en\/calendario\/jornada-de-esterilizacion-rac-perez-bonalde-domingo-21-de-julio\/","og_locale":"en_US","og_type":"article","og_title":"Jornada de Esterilizaci\u00f3n RAC \u2013 P\u00e9rez Bonalde - Red de Apoyo Canino","og_description":"Jornada de Esterilizaci\u00f3n RAC \u2013 P\u00e9rez Bonalde, domingo 21 de julio Direcci\u00f3n: Avenida Bol\u00edvar o Avenida Principal el Cuartel. Urbanizaci\u00f3n Sim\u00f3n Bol\u00edvar, Cancha del Festival 64. Entre los bloques Nro. [&hellip;]","og_url":"https:\/\/reddeapoyocanino.org\/en\/calendario\/jornada-de-esterilizacion-rac-perez-bonalde-domingo-21-de-julio\/","og_site_name":"Red de Apoyo Canino","article_modified_time":"2019-06-16T04:28:57+00:00","twitter_card":"summary_large_image","twitter_misc":{"Est. reading time":"3 minutes"},"schema":{"@context":"https:\/\/schema.org","@graph":[{"@type":"WebPage","@id":"https:\/\/reddeapoyocanino.org\/calendario\/jornada-de-esterilizacion-rac-perez-bonalde-domingo-21-de-julio\/","url":"https:\/\/reddeapoyocanino.org\/calendario\/jornada-de-esterilizacion-rac-perez-bonalde-domingo-21-de-julio\/","name":"Jornada de Esterilizaci\u00f3n RAC \u2013 P\u00e9rez Bonalde - Red de Apoyo Canino","isPartOf":{"@id":"https:\/\/reddeapoyocanino.org\/#website"},"datePublished":"2019-06-15T15:03:11+00:00","dateModified":"2019-06-16T04:28:57+00:00","breadcrumb":{"@id":"https:\/\/reddeapoyocanino.org\/calendario\/jornada-de-esterilizacion-rac-perez-bonalde-domingo-21-de-julio\/#breadcrumb"},"inLanguage":"en-US","potentialAction":[{"@type":"ReadAction","target":["https:\/\/reddeapoyocanino.org\/calendario\/jornada-de-esterilizacion-rac-perez-bonalde-domingo-21-de-julio\/"]}]},{"@type":"BreadcrumbList","@id":"https:\/\/reddeapoyocanino.org\/calendario\/jornada-de-esterilizacion-rac-perez-bonalde-domingo-21-de-julio\/#breadcrumb","itemListElement":[{"@type":"ListItem","position":1,"name":"Home","item":"https:\/\/reddeapoyocanino.org\/"},{"@type":"ListItem","position":2,"name":"Eventos","item":"https:\/\/reddeapoyocanino.org\/calendario\/"},{"@type":"ListItem","position":3,"name":"Jornada de Esterilizaci\u00f3n RAC \u2013 P\u00e9rez Bonalde"}]},{"@type":"WebSite","@id":"https:\/\/reddeapoyocanino.org\/#website","url":"https:\/\/reddeapoyocanino.org\/","name":"Red de Apoyo Canino","description":"Red de Apoyo Canino","publisher":{"@id":"https:\/\/reddeapoyocanino.org\/#organization"},"potentialAction":[{"@type":"SearchAction","target":{"@type":"EntryPoint","urlTemplate":"https:\/\/reddeapoyocanino.org\/?s={search_term_string}"},"query-input":{"@type":"PropertyValueSpecification","valueRequired":true,"valueName":"search_term_string"}}],"inLanguage":"en-US"},{"@type":"Organization","@id":"https:\/\/reddeapoyocanino.org\/#organization","name":"Red de Apoyo Canino","url":"https:\/\/reddeapoyocanino.org\/","logo":{"@type":"ImageObject","inLanguage":"en-US","@id":"https:\/\/reddeapoyocanino.org\/#\/schema\/logo\/image\/","url":"https:\/\/reddeapoyocanino.org\/wp-content\/uploads\/2020\/09\/cropped-cropped-logo-RAC-01-01-1.png","contentUrl":"https:\/\/reddeapoyocanino.org\/wp-content\/uploads\/2020\/09\/cropped-cropped-logo-RAC-01-01-1.png","width":463,"height":203,"caption":"Red de Apoyo Canino"},"image":{"@id":"https:\/\/reddeapoyocanino.org\/#\/schema\/logo\/image\/"}}]}},"_links":{"self":[{"href":"https:\/\/reddeapoyocanino.org\/en\/wp-json\/wp\/v2\/tribe_events\/4509","targetHints":{"allow":["GET"]}}],"collection":[{"href":"https:\/\/reddeapoyocanino.org\/en\/wp-json\/wp\/v2\/tribe_events"}],"about":[{"href":"https:\/\/reddeapoyocanino.org\/en\/wp-json\/wp\/v2\/types\/tribe_events"}],"author":[{"embeddable":true,"href":"https:\/\/reddeapoyocanino.org\/en\/wp-json\/wp\/v2\/users\/2"}],"version-history":[{"count":2,"href":"https:\/\/reddeapoyocanino.org\/en\/wp-json\/wp\/v2\/tribe_events\/4509\/revisions"}],"predecessor-version":[{"id":4537,"href":"https:\/\/reddeapoyocanino.org\/en\/wp-json\/wp\/v2\/tribe_events\/4509\/revisions\/4537"}],"wp:attachment":[{"href":"https:\/\/reddeapoyocanino.org\/en\/wp-json\/wp\/v2\/media?parent=4509"}],"wp:term":[{"taxonomy":"post_tag","embeddable":true,"href":"https:\/\/reddeapoyocanino.org\/en\/wp-json\/wp\/v2\/tags?post=4509"},{"taxonomy":"tribe_events_cat","embeddable":true,"href":"https:\/\/reddeapoyocanino.org\/en\/wp-json\/wp\/v2\/tribe_events_cat?post=4509"}],"curies":[{"name":"wp","href":"https:\/\/api.w.org\/{rel}","templated":true}]}}