{"id":4430,"date":"2019-05-22T11:42:57","date_gmt":"2019-05-22T11:42:57","guid":{"rendered":"http:\/\/reddeapoyocanino.org\/?post_type=tribe_events&#038;p=4430"},"modified":"2019-05-22T11:42:57","modified_gmt":"2019-05-22T11:42:57","slug":"jornada-de-esterilizacion-rac-catia","status":"publish","type":"tribe_events","link":"https:\/\/reddeapoyocanino.org\/en\/calendario\/jornada-de-esterilizacion-rac-catia\/","title":{"rendered":"Jornada de Esterilizaci\u00f3n RAC \u2013 Catia"},"content":{"rendered":"<p>Jornada de Esterilizaci\u00f3n RAC \u2013 Catia, domingo 16 de junio<br \/>\nDirecci\u00f3n: Unidad Educativa Cecilia Pimentel, Calle Real de Altavista al lado de la cancha a una cuadra de la Iglesia Sta.M\u00aa Goretti a 5 cuadras subiendo de la Av. Sucre.<br \/>\nCupos:\u00a0<a href=\"https:\/\/goo.gl\/forms\/W58DDupCegOeeBD13\" target=\"_blank\" rel=\"noopener noreferrer\" data-saferedirecturl=\"https:\/\/www.google.com\/url?q=https:\/\/goo.gl\/forms\/W58DDupCegOeeBD13&amp;source=gmail&amp;ust=1558611545983000&amp;usg=AFQjCNFOMxrwy0qIR0kIs2j_as7K3r1j7A\">https:\/\/goo.gl\/forms\/W58DDupCe<wbr \/>gOeeBD13<\/a><br \/>\nT\u00e9rminos y Condiciones:\u00a0<a href=\"https:\/\/drive.google.com\/file\/d\/1Ne7fNyiT9Xu8X_HoPxgW0Ymrs4bWkayA\/view\" target=\"_blank\" rel=\"noopener noreferrer\" data-saferedirecturl=\"https:\/\/www.google.com\/url?q=https:\/\/drive.google.com\/file\/d\/1Ne7fNyiT9Xu8X_HoPxgW0Ymrs4bWkayA\/view&amp;source=gmail&amp;ust=1558611545983000&amp;usg=AFQjCNE_VpoPmMeoqac8VlIFxmGDT1Rs0w\">https:\/\/drive.google.com\/file\/<wbr \/>d\/1Ne7fNyiT9Xu8X_HoPxgW0Ymrs4b<wbr \/>WkayA\/view<\/a><\/p>\n<p>Hora de inicio de la jornada: 9:00 AM.<\/p>\n<p>Costos de las cirug\u00edas subsidiados por el Fondo de Esterilizaciones RAC:<br \/>\nGatos y gatas Bs. S. 35.000<br \/>\nPerras y perros hasta 20 Bs. S. 50.000<br \/>\nPerras y perros entre 21 Kg y 25 Kg Bs. S. 55.000<br \/>\nPerras y perros de 26 a 30 Kg Bs. S.65.000<br \/>\nCaninos hembras y machos entre 31 y 35 Kg. BS.120.000,00<br \/>\nPerros de peso mayor, favor consultar los precios a\u00a0<a href=\"mailto:esterilizaciones@reddeapoyocanino.org\" target=\"_blank\" rel=\"noopener noreferrer\">esterilizaciones@reddeapoyocan<wbr \/>ino.org<\/a><br \/>\nTratamiento post-operatorio Bs. S 2.000 (felinos machos no lo requieren)<\/p>\n<p>El cupo se solicita EXCLUSIVAMENTE llenando el formulario indicado arriba. No se atender\u00e1n solicitudes por otra v\u00eda.<\/p>\n<p>Por favor NO transfiera el dinero hasta tanto se confirme su cupo.<\/p>\n<p>M\u00e9todos de pago: V\u00eda transferencia electr\u00f3nica a la cuenta de la RAC BANESCO Cuenta Corriente 0134 0343 15 3431040769 RED DE APOYO CANINO Rif. J-29458441-1.<\/p>\n<p>MODALIDAD DE INGRESO DE LOS ANIMALES. Todo el p\u00fablico debe estar a las 9.00 con sus animales. Pensando en la comodidad del p\u00fablico, en evitar que perros y gatos permanezcan mucho tiempo en un mismo ambiente, y teniendo siempre como prioridad la agilidad en el desenvolvimiento de nuestras jornadas de esterilizaci\u00f3n, dividimos a los asistentes de la siguiente manera. A partir de las 9:00 am, se atender\u00e1n a todos los felinos pautados, inmediatamente se terminen los felinos se comenzar\u00e1 con los caninos machos; las perras se atienden al final y por lo general se comienza con ellas entre las 11 y las 12 del d\u00eda, algunas veces antes si el flujo de felinos y perros machos es poco. En las tres tandas se seguir\u00e1 la modalidad de orden de llegada divididos por especie y\/o sexo.<br \/>\nLe recomendamos tome previsiones en cuanto a refrigerios, pasatiempos, etc. Procure llevar asiento o silla port\u00e1til plegable.<br \/>\nRecuerde prestar atenci\u00f3n a la charla que se da antes de comenzar las cirug\u00edas.<\/p>\n<p>ATENCION: Dado la situaci\u00f3n de hiperinflaci\u00f3n que atraviesa la econom\u00eda venezolana, los costos de las cirug\u00edas de esterilizaci\u00f3n podr\u00edan variar de aqu\u00ed al d\u00eda de la jornada. Procuraremos hac\u00e9rselo saber en caso de ocurrir pero la recomendaci\u00f3n es que se mantenga atento a nuestras publicaciones en redes.<\/p>\n<p>Recuerde que con el pago de la esterilizaci\u00f3n de su mascota usted est\u00e1 contribuyendo con la posibilidad de esterilizar animales de calle en permanente estado de reproducci\u00f3n, gracias al Fondo de Esterilizaciones RAC.<br \/>\nUsted tambi\u00e9n puede realizar aportes directamente a nuestra cuenta en Venezuela. Si se encuentra fuera del pa\u00eds puede realizar sus contribuciones en divisas a nuestra cuenta PayPal:\u00a0<a href=\"https:\/\/goo.gl\/2gHxym\" target=\"_blank\" rel=\"noopener noreferrer\" data-saferedirecturl=\"https:\/\/www.google.com\/url?q=https:\/\/goo.gl\/2gHxym&amp;source=gmail&amp;ust=1558611545983000&amp;usg=AFQjCNEw4kfiPQ-XFbjnVORinPZuDRnoQA\">https:\/\/goo.gl\/2gHxym<\/a><\/p>\n<p>\u00a1Muchas gracias por esterilizar!<\/p>","protected":false},"excerpt":{"rendered":"<p>Jornada de Esterilizaci\u00f3n RAC \u2013 Catia, domingo 16 de junio Direcci\u00f3n: Unidad Educativa Cecilia Pimentel, Calle Real de Altavista al lado de la cancha a una cuadra de la Iglesia [&hellip;]<\/p>\n","protected":false},"author":2,"featured_media":0,"template":"","meta":{"site-sidebar-layout":"default","site-content-layout":"","ast-site-content-layout":"default","site-content-style":"default","site-sidebar-style":"default","ast-global-header-display":"","ast-banner-title-visibility":"","ast-main-header-display":"","ast-hfb-above-header-display":"","ast-hfb-below-header-display":"","ast-hfb-mobile-header-display":"","site-post-title":"","ast-breadcrumbs-content":"","ast-featured-img":"","footer-sml-layout":"","ast-disable-related-posts":"","theme-transparent-header-meta":"","adv-header-id-meta":"","stick-header-meta":"","header-above-stick-meta":"","header-main-stick-meta":"","header-below-stick-meta":"","astra-migrate-meta-layouts":"default","ast-page-background-enabled":"default","ast-page-background-meta":{"desktop":{"background-color":"","background-image":"","background-repeat":"repeat","background-position":"center center","background-size":"auto","background-attachment":"scroll","background-type":"","background-media":"","overlay-type":"","overlay-color":"","overlay-opacity":"","overlay-gradient":""},"tablet":{"background-color":"","background-image":"","background-repeat":"repeat","background-position":"center center","background-size":"auto","background-attachment":"scroll","background-type":"","background-media":"","overlay-type":"","overlay-color":"","overlay-opacity":"","overlay-gradient":""},"mobile":{"background-color":"","background-image":"","background-repeat":"repeat","background-position":"center center","background-size":"auto","background-attachment":"scroll","background-type":"","background-media":"","overlay-type":"","overlay-color":"","overlay-opacity":"","overlay-gradient":""}},"ast-content-background-meta":{"desktop":{"background-color":"var(--ast-global-color-5)","background-image":"","background-repeat":"repeat","background-position":"center center","background-size":"auto","background-attachment":"scroll","background-type":"","background-media":"","overlay-type":"","overlay-color":"","overlay-opacity":"","overlay-gradient":""},"tablet":{"background-color":"var(--ast-global-color-5)","background-image":"","background-repeat":"repeat","background-position":"center center","background-size":"auto","background-attachment":"scroll","background-type":"","background-media":"","overlay-type":"","overlay-color":"","overlay-opacity":"","overlay-gradient":""},"mobile":{"background-color":"var(--ast-global-color-5)","background-image":"","background-repeat":"repeat","background-position":"center center","background-size":"auto","background-attachment":"scroll","background-type":"","background-media":"","overlay-type":"","overlay-color":"","overlay-opacity":"","overlay-gradient":""}},"ngg_post_thumbnail":0,"_tribe_events_status":"","_tribe_events_status_reason":"","footnotes":""},"tags":[],"tribe_events_cat":[43],"class_list":["post-4430","tribe_events","type-tribe_events","status-publish","hentry","tribe_events_cat-jornadas-de-esterilizacion","cat_jornadas-de-esterilizacion"],"yoast_head":"<!-- This site is optimized with the Yoast SEO plugin v27.4 - https:\/\/yoast.com\/product\/yoast-seo-wordpress\/ -->\n<title>Jornada de Esterilizaci\u00f3n RAC \u2013 Catia - Red de Apoyo Canino<\/title>\n<meta name=\"robots\" content=\"index, follow, max-snippet:-1, max-image-preview:large, max-video-preview:-1\" \/>\n<link rel=\"canonical\" href=\"https:\/\/reddeapoyocanino.org\/en\/calendario\/jornada-de-esterilizacion-rac-catia\/\" \/>\n<meta property=\"og:locale\" content=\"en_US\" \/>\n<meta property=\"og:type\" content=\"article\" \/>\n<meta property=\"og:title\" content=\"Jornada de Esterilizaci\u00f3n RAC \u2013 Catia - Red de Apoyo Canino\" \/>\n<meta property=\"og:description\" content=\"Jornada de Esterilizaci\u00f3n RAC \u2013 Catia, domingo 16 de junio Direcci\u00f3n: Unidad Educativa Cecilia Pimentel, Calle Real de Altavista al lado de la cancha a una cuadra de la Iglesia [&hellip;]\" \/>\n<meta property=\"og:url\" content=\"https:\/\/reddeapoyocanino.org\/en\/calendario\/jornada-de-esterilizacion-rac-catia\/\" \/>\n<meta property=\"og:site_name\" content=\"Red de Apoyo Canino\" \/>\n<meta name=\"twitter:card\" content=\"summary_large_image\" \/>\n<meta name=\"twitter:label1\" content=\"Est. reading time\" \/>\n\t<meta name=\"twitter:data1\" content=\"2 minutes\" \/>\n<script type=\"application\/ld+json\" class=\"yoast-schema-graph\">{\"@context\":\"https:\\\/\\\/schema.org\",\"@graph\":[{\"@type\":\"WebPage\",\"@id\":\"https:\\\/\\\/reddeapoyocanino.org\\\/calendario\\\/jornada-de-esterilizacion-rac-catia\\\/\",\"url\":\"https:\\\/\\\/reddeapoyocanino.org\\\/calendario\\\/jornada-de-esterilizacion-rac-catia\\\/\",\"name\":\"Jornada de Esterilizaci\u00f3n RAC \u2013 Catia - Red de Apoyo Canino\",\"isPartOf\":{\"@id\":\"https:\\\/\\\/reddeapoyocanino.org\\\/#website\"},\"datePublished\":\"2019-05-22T11:42:57+00:00\",\"breadcrumb\":{\"@id\":\"https:\\\/\\\/reddeapoyocanino.org\\\/calendario\\\/jornada-de-esterilizacion-rac-catia\\\/#breadcrumb\"},\"inLanguage\":\"en-US\",\"potentialAction\":[{\"@type\":\"ReadAction\",\"target\":[\"https:\\\/\\\/reddeapoyocanino.org\\\/calendario\\\/jornada-de-esterilizacion-rac-catia\\\/\"]}]},{\"@type\":\"BreadcrumbList\",\"@id\":\"https:\\\/\\\/reddeapoyocanino.org\\\/calendario\\\/jornada-de-esterilizacion-rac-catia\\\/#breadcrumb\",\"itemListElement\":[{\"@type\":\"ListItem\",\"position\":1,\"name\":\"Home\",\"item\":\"https:\\\/\\\/reddeapoyocanino.org\\\/\"},{\"@type\":\"ListItem\",\"position\":2,\"name\":\"Eventos\",\"item\":\"https:\\\/\\\/reddeapoyocanino.org\\\/calendario\\\/\"},{\"@type\":\"ListItem\",\"position\":3,\"name\":\"Jornada de Esterilizaci\u00f3n RAC \u2013 Catia\"}]},{\"@type\":\"WebSite\",\"@id\":\"https:\\\/\\\/reddeapoyocanino.org\\\/#website\",\"url\":\"https:\\\/\\\/reddeapoyocanino.org\\\/\",\"name\":\"Red de Apoyo Canino\",\"description\":\"Red de Apoyo Canino\",\"publisher\":{\"@id\":\"https:\\\/\\\/reddeapoyocanino.org\\\/#organization\"},\"potentialAction\":[{\"@type\":\"SearchAction\",\"target\":{\"@type\":\"EntryPoint\",\"urlTemplate\":\"https:\\\/\\\/reddeapoyocanino.org\\\/?s={search_term_string}\"},\"query-input\":{\"@type\":\"PropertyValueSpecification\",\"valueRequired\":true,\"valueName\":\"search_term_string\"}}],\"inLanguage\":\"en-US\"},{\"@type\":\"Organization\",\"@id\":\"https:\\\/\\\/reddeapoyocanino.org\\\/#organization\",\"name\":\"Red de Apoyo Canino\",\"url\":\"https:\\\/\\\/reddeapoyocanino.org\\\/\",\"logo\":{\"@type\":\"ImageObject\",\"inLanguage\":\"en-US\",\"@id\":\"https:\\\/\\\/reddeapoyocanino.org\\\/#\\\/schema\\\/logo\\\/image\\\/\",\"url\":\"https:\\\/\\\/reddeapoyocanino.org\\\/wp-content\\\/uploads\\\/2020\\\/09\\\/cropped-cropped-logo-RAC-01-01-1.png\",\"contentUrl\":\"https:\\\/\\\/reddeapoyocanino.org\\\/wp-content\\\/uploads\\\/2020\\\/09\\\/cropped-cropped-logo-RAC-01-01-1.png\",\"width\":463,\"height\":203,\"caption\":\"Red de Apoyo Canino\"},\"image\":{\"@id\":\"https:\\\/\\\/reddeapoyocanino.org\\\/#\\\/schema\\\/logo\\\/image\\\/\"}}]}<\/script>\n<!-- \/ Yoast SEO plugin. -->","yoast_head_json":{"title":"Jornada de Esterilizaci\u00f3n RAC \u2013 Catia - Red de Apoyo Canino","robots":{"index":"index","follow":"follow","max-snippet":"max-snippet:-1","max-image-preview":"max-image-preview:large","max-video-preview":"max-video-preview:-1"},"canonical":"https:\/\/reddeapoyocanino.org\/en\/calendario\/jornada-de-esterilizacion-rac-catia\/","og_locale":"en_US","og_type":"article","og_title":"Jornada de Esterilizaci\u00f3n RAC \u2013 Catia - Red de Apoyo Canino","og_description":"Jornada de Esterilizaci\u00f3n RAC \u2013 Catia, domingo 16 de junio Direcci\u00f3n: Unidad Educativa Cecilia Pimentel, Calle Real de Altavista al lado de la cancha a una cuadra de la Iglesia [&hellip;]","og_url":"https:\/\/reddeapoyocanino.org\/en\/calendario\/jornada-de-esterilizacion-rac-catia\/","og_site_name":"Red de Apoyo Canino","twitter_card":"summary_large_image","twitter_misc":{"Est. reading time":"2 minutes"},"schema":{"@context":"https:\/\/schema.org","@graph":[{"@type":"WebPage","@id":"https:\/\/reddeapoyocanino.org\/calendario\/jornada-de-esterilizacion-rac-catia\/","url":"https:\/\/reddeapoyocanino.org\/calendario\/jornada-de-esterilizacion-rac-catia\/","name":"Jornada de Esterilizaci\u00f3n RAC \u2013 Catia - Red de Apoyo Canino","isPartOf":{"@id":"https:\/\/reddeapoyocanino.org\/#website"},"datePublished":"2019-05-22T11:42:57+00:00","breadcrumb":{"@id":"https:\/\/reddeapoyocanino.org\/calendario\/jornada-de-esterilizacion-rac-catia\/#breadcrumb"},"inLanguage":"en-US","potentialAction":[{"@type":"ReadAction","target":["https:\/\/reddeapoyocanino.org\/calendario\/jornada-de-esterilizacion-rac-catia\/"]}]},{"@type":"BreadcrumbList","@id":"https:\/\/reddeapoyocanino.org\/calendario\/jornada-de-esterilizacion-rac-catia\/#breadcrumb","itemListElement":[{"@type":"ListItem","position":1,"name":"Home","item":"https:\/\/reddeapoyocanino.org\/"},{"@type":"ListItem","position":2,"name":"Eventos","item":"https:\/\/reddeapoyocanino.org\/calendario\/"},{"@type":"ListItem","position":3,"name":"Jornada de Esterilizaci\u00f3n RAC \u2013 Catia"}]},{"@type":"WebSite","@id":"https:\/\/reddeapoyocanino.org\/#website","url":"https:\/\/reddeapoyocanino.org\/","name":"Red de Apoyo Canino","description":"Red de Apoyo Canino","publisher":{"@id":"https:\/\/reddeapoyocanino.org\/#organization"},"potentialAction":[{"@type":"SearchAction","target":{"@type":"EntryPoint","urlTemplate":"https:\/\/reddeapoyocanino.org\/?s={search_term_string}"},"query-input":{"@type":"PropertyValueSpecification","valueRequired":true,"valueName":"search_term_string"}}],"inLanguage":"en-US"},{"@type":"Organization","@id":"https:\/\/reddeapoyocanino.org\/#organization","name":"Red de Apoyo Canino","url":"https:\/\/reddeapoyocanino.org\/","logo":{"@type":"ImageObject","inLanguage":"en-US","@id":"https:\/\/reddeapoyocanino.org\/#\/schema\/logo\/image\/","url":"https:\/\/reddeapoyocanino.org\/wp-content\/uploads\/2020\/09\/cropped-cropped-logo-RAC-01-01-1.png","contentUrl":"https:\/\/reddeapoyocanino.org\/wp-content\/uploads\/2020\/09\/cropped-cropped-logo-RAC-01-01-1.png","width":463,"height":203,"caption":"Red de Apoyo Canino"},"image":{"@id":"https:\/\/reddeapoyocanino.org\/#\/schema\/logo\/image\/"}}]}},"_links":{"self":[{"href":"https:\/\/reddeapoyocanino.org\/en\/wp-json\/wp\/v2\/tribe_events\/4430","targetHints":{"allow":["GET"]}}],"collection":[{"href":"https:\/\/reddeapoyocanino.org\/en\/wp-json\/wp\/v2\/tribe_events"}],"about":[{"href":"https:\/\/reddeapoyocanino.org\/en\/wp-json\/wp\/v2\/types\/tribe_events"}],"author":[{"embeddable":true,"href":"https:\/\/reddeapoyocanino.org\/en\/wp-json\/wp\/v2\/users\/2"}],"version-history":[{"count":1,"href":"https:\/\/reddeapoyocanino.org\/en\/wp-json\/wp\/v2\/tribe_events\/4430\/revisions"}],"predecessor-version":[{"id":4431,"href":"https:\/\/reddeapoyocanino.org\/en\/wp-json\/wp\/v2\/tribe_events\/4430\/revisions\/4431"}],"wp:attachment":[{"href":"https:\/\/reddeapoyocanino.org\/en\/wp-json\/wp\/v2\/media?parent=4430"}],"wp:term":[{"taxonomy":"post_tag","embeddable":true,"href":"https:\/\/reddeapoyocanino.org\/en\/wp-json\/wp\/v2\/tags?post=4430"},{"taxonomy":"tribe_events_cat","embeddable":true,"href":"https:\/\/reddeapoyocanino.org\/en\/wp-json\/wp\/v2\/tribe_events_cat?post=4430"}],"curies":[{"name":"wp","href":"https:\/\/api.w.org\/{rel}","templated":true}]}}