{"id":7937,"date":"2021-06-29T14:34:08","date_gmt":"2021-06-29T18:34:08","guid":{"rendered":"https:\/\/reddeapoyocanino.org\/?post_type=mec-events&#038;p=7937"},"modified":"2021-08-20T09:54:53","modified_gmt":"2021-08-20T13:54:53","slug":"taller-tecnicas-de-paseo-con-tu-mascota-sabado-21-de-agosto","status":"publish","type":"mec-events","link":"https:\/\/reddeapoyocanino.org\/en\/events\/taller-tecnicas-de-paseo-con-tu-mascota-sabado-21-de-agosto\/","title":{"rendered":"Taller T\u00e9cnicas de Paseo con tu mascota, s\u00e1bado 28 de agosto"},"content":{"rendered":"<p>Taller Te\u00f3rico Pr\u00e1ctico #2<\/p>\n<p>T\u00e9cnicas de Paseo con tu mascota.<\/p>\n<p>Dictado por FUNCAVEN (Pro-Fondos RAC)<\/p>\n<p>Duraci\u00f3n: 01 d\u00eda.<\/p>\n<p>Fecha: S\u00e1bado 28 de Agosto 2021.<\/p>\n<p>Horario: Tarde a partir de las 2:00 pm.<\/p>\n<p>Costo: 20 $<\/p>\n<p>Incluye: Material de apoyo y certificaci\u00f3n digital.<\/p>\n<p>Lugar: Parque Canino, Valencia. Edo. Carabobo.<\/p>\n<p>Direcci\u00f3n: Municipio San Diego. Urbanizaci\u00f3n La Esmeralda . Calle 159. Sector : B-15. A una cuadra detr\u00e1s de la Cl\u00ednica La Esmeralda.<\/p>\n<p>Formas de pago:<br \/>\nPayPal<br \/>\nTarjeta de cr\u00e9dito internacional v\u00eda nuestra p\u00e1gina web<br \/>\nTransferencia en bol\u00edvares al cambio del d\u00eda.<\/p>\n<p>Inscripci\u00f3n: https:\/\/forms.gle\/esK3WhiD5hyNYM9j9<\/p>","protected":false},"excerpt":{"rendered":"<p>Taller Te\u00f3rico Pr\u00e1ctico #2 T\u00e9cnicas de Paseo con tu mascota. Dictado por FUNCAVEN (Pro-Fondos RAC) Duraci\u00f3n: 01 d\u00eda. Fecha: S\u00e1bado 28 de Agosto 2021. Horario: Tarde a partir de las [&hellip;]<\/p>\n","protected":false},"author":2,"featured_media":7938,"comment_status":"open","ping_status":"closed","template":"","meta":{"site-sidebar-layout":"default","site-content-layout":"default","ast-site-content-layout":"default","site-content-style":"default","site-sidebar-style":"default","ast-global-header-display":"","ast-banner-title-visibility":"","ast-main-header-display":"","ast-hfb-above-header-display":"","ast-hfb-below-header-display":"","ast-hfb-mobile-header-display":"","site-post-title":"","ast-breadcrumbs-content":"","ast-featured-img":"","footer-sml-layout":"","ast-disable-related-posts":"","theme-transparent-header-meta":"default","adv-header-id-meta":"","stick-header-meta":"","header-above-stick-meta":"","header-main-stick-meta":"","header-below-stick-meta":"","astra-migrate-meta-layouts":"default","ast-page-background-enabled":"default","ast-page-background-meta":{"desktop":{"background-color":"","background-image":"","background-repeat":"repeat","background-position":"center center","background-size":"auto","background-attachment":"scroll","background-type":"","background-media":"","overlay-type":"","overlay-color":"","overlay-opacity":"","overlay-gradient":""},"tablet":{"background-color":"","background-image":"","background-repeat":"repeat","background-position":"center center","background-size":"auto","background-attachment":"scroll","background-type":"","background-media":"","overlay-type":"","overlay-color":"","overlay-opacity":"","overlay-gradient":""},"mobile":{"background-color":"","background-image":"","background-repeat":"repeat","background-position":"center center","background-size":"auto","background-attachment":"scroll","background-type":"","background-media":"","overlay-type":"","overlay-color":"","overlay-opacity":"","overlay-gradient":""}},"ast-content-background-meta":{"desktop":{"background-color":"var(--ast-global-color-5)","background-image":"","background-repeat":"repeat","background-position":"center center","background-size":"auto","background-attachment":"scroll","background-type":"","background-media":"","overlay-type":"","overlay-color":"","overlay-opacity":"","overlay-gradient":""},"tablet":{"background-color":"var(--ast-global-color-5)","background-image":"","background-repeat":"repeat","background-position":"center center","background-size":"auto","background-attachment":"scroll","background-type":"","background-media":"","overlay-type":"","overlay-color":"","overlay-opacity":"","overlay-gradient":""},"mobile":{"background-color":"var(--ast-global-color-5)","background-image":"","background-repeat":"repeat","background-position":"center center","background-size":"auto","background-attachment":"scroll","background-type":"","background-media":"","overlay-type":"","overlay-color":"","overlay-opacity":"","overlay-gradient":""}},"ngg_post_thumbnail":0},"tags":[],"mec_category":[70],"class_list":["post-7937","mec-events","type-mec-events","status-publish","has-post-thumbnail","hentry","mec_category-talleres"],"yoast_head":"<!-- This site is optimized with the Yoast SEO plugin v27.4 - https:\/\/yoast.com\/product\/yoast-seo-wordpress\/ -->\n<title>Taller T\u00e9cnicas de Paseo con tu mascota, s\u00e1bado 28 de agosto - Red de Apoyo Canino<\/title>\n<meta name=\"robots\" content=\"index, follow, max-snippet:-1, max-image-preview:large, max-video-preview:-1\" \/>\n<link rel=\"canonical\" href=\"https:\/\/reddeapoyocanino.org\/en\/events\/taller-tecnicas-de-paseo-con-tu-mascota-sabado-21-de-agosto\/\" \/>\n<meta property=\"og:locale\" content=\"en_US\" \/>\n<meta property=\"og:type\" content=\"article\" \/>\n<meta property=\"og:title\" content=\"Taller T\u00e9cnicas de Paseo con tu mascota, s\u00e1bado 28 de agosto - Red de Apoyo Canino\" \/>\n<meta property=\"og:description\" content=\"Taller Te\u00f3rico Pr\u00e1ctico #2 T\u00e9cnicas de Paseo con tu mascota. Dictado por FUNCAVEN (Pro-Fondos RAC) Duraci\u00f3n: 01 d\u00eda. Fecha: S\u00e1bado 28 de Agosto 2021. Horario: Tarde a partir de las [&hellip;]\" \/>\n<meta property=\"og:url\" content=\"https:\/\/reddeapoyocanino.org\/en\/events\/taller-tecnicas-de-paseo-con-tu-mascota-sabado-21-de-agosto\/\" \/>\n<meta property=\"og:site_name\" content=\"Red de Apoyo Canino\" \/>\n<meta property=\"article:modified_time\" content=\"2021-08-20T13:54:53+00:00\" \/>\n<meta property=\"og:image\" content=\"https:\/\/reddeapoyocanino.org\/wp-content\/uploads\/2021\/06\/Taller-2.png\" \/>\n\t<meta property=\"og:image:width\" content=\"1411\" \/>\n\t<meta property=\"og:image:height\" content=\"512\" \/>\n\t<meta property=\"og:image:type\" content=\"image\/png\" \/>\n<meta name=\"twitter:card\" content=\"summary_large_image\" \/>\n<meta name=\"twitter:label1\" content=\"Est. reading time\" \/>\n\t<meta name=\"twitter:data1\" content=\"1 minute\" \/>\n<script type=\"application\/ld+json\" class=\"yoast-schema-graph\">{\"@context\":\"https:\\\/\\\/schema.org\",\"@graph\":[{\"@type\":\"WebPage\",\"@id\":\"https:\\\/\\\/reddeapoyocanino.org\\\/en\\\/events\\\/taller-tecnicas-de-paseo-con-tu-mascota-sabado-21-de-agosto\\\/\",\"url\":\"https:\\\/\\\/reddeapoyocanino.org\\\/en\\\/events\\\/taller-tecnicas-de-paseo-con-tu-mascota-sabado-21-de-agosto\\\/\",\"name\":\"Taller T\u00e9cnicas de Paseo con tu mascota, s\u00e1bado 28 de agosto - Red de Apoyo Canino\",\"isPartOf\":{\"@id\":\"https:\\\/\\\/reddeapoyocanino.org\\\/#website\"},\"primaryImageOfPage\":{\"@id\":\"https:\\\/\\\/reddeapoyocanino.org\\\/en\\\/events\\\/taller-tecnicas-de-paseo-con-tu-mascota-sabado-21-de-agosto\\\/#primaryimage\"},\"image\":{\"@id\":\"https:\\\/\\\/reddeapoyocanino.org\\\/en\\\/events\\\/taller-tecnicas-de-paseo-con-tu-mascota-sabado-21-de-agosto\\\/#primaryimage\"},\"thumbnailUrl\":\"https:\\\/\\\/reddeapoyocanino.org\\\/wp-content\\\/uploads\\\/2021\\\/06\\\/Taller-2.png\",\"datePublished\":\"2021-06-29T18:34:08+00:00\",\"dateModified\":\"2021-08-20T13:54:53+00:00\",\"breadcrumb\":{\"@id\":\"https:\\\/\\\/reddeapoyocanino.org\\\/en\\\/events\\\/taller-tecnicas-de-paseo-con-tu-mascota-sabado-21-de-agosto\\\/#breadcrumb\"},\"inLanguage\":\"en-US\",\"potentialAction\":[{\"@type\":\"ReadAction\",\"target\":[\"https:\\\/\\\/reddeapoyocanino.org\\\/en\\\/events\\\/taller-tecnicas-de-paseo-con-tu-mascota-sabado-21-de-agosto\\\/\"]}]},{\"@type\":\"ImageObject\",\"inLanguage\":\"en-US\",\"@id\":\"https:\\\/\\\/reddeapoyocanino.org\\\/en\\\/events\\\/taller-tecnicas-de-paseo-con-tu-mascota-sabado-21-de-agosto\\\/#primaryimage\",\"url\":\"https:\\\/\\\/reddeapoyocanino.org\\\/wp-content\\\/uploads\\\/2021\\\/06\\\/Taller-2.png\",\"contentUrl\":\"https:\\\/\\\/reddeapoyocanino.org\\\/wp-content\\\/uploads\\\/2021\\\/06\\\/Taller-2.png\",\"width\":1411,\"height\":512},{\"@type\":\"BreadcrumbList\",\"@id\":\"https:\\\/\\\/reddeapoyocanino.org\\\/en\\\/events\\\/taller-tecnicas-de-paseo-con-tu-mascota-sabado-21-de-agosto\\\/#breadcrumb\",\"itemListElement\":[{\"@type\":\"ListItem\",\"position\":1,\"name\":\"Home\",\"item\":\"https:\\\/\\\/reddeapoyocanino.org\\\/\"},{\"@type\":\"ListItem\",\"position\":2,\"name\":\"Eventos\",\"item\":\"https:\\\/\\\/reddeapoyocanino.org\\\/events\\\/\"},{\"@type\":\"ListItem\",\"position\":3,\"name\":\"Taller T\u00e9cnicas de Paseo con tu mascota, s\u00e1bado 28 de agosto\"}]},{\"@type\":\"WebSite\",\"@id\":\"https:\\\/\\\/reddeapoyocanino.org\\\/#website\",\"url\":\"https:\\\/\\\/reddeapoyocanino.org\\\/\",\"name\":\"Red de Apoyo Canino\",\"description\":\"Red de Apoyo Canino\",\"publisher\":{\"@id\":\"https:\\\/\\\/reddeapoyocanino.org\\\/#organization\"},\"potentialAction\":[{\"@type\":\"SearchAction\",\"target\":{\"@type\":\"EntryPoint\",\"urlTemplate\":\"https:\\\/\\\/reddeapoyocanino.org\\\/?s={search_term_string}\"},\"query-input\":{\"@type\":\"PropertyValueSpecification\",\"valueRequired\":true,\"valueName\":\"search_term_string\"}}],\"inLanguage\":\"en-US\"},{\"@type\":\"Organization\",\"@id\":\"https:\\\/\\\/reddeapoyocanino.org\\\/#organization\",\"name\":\"Red de Apoyo Canino\",\"url\":\"https:\\\/\\\/reddeapoyocanino.org\\\/\",\"logo\":{\"@type\":\"ImageObject\",\"inLanguage\":\"en-US\",\"@id\":\"https:\\\/\\\/reddeapoyocanino.org\\\/#\\\/schema\\\/logo\\\/image\\\/\",\"url\":\"https:\\\/\\\/reddeapoyocanino.org\\\/wp-content\\\/uploads\\\/2020\\\/09\\\/cropped-cropped-logo-RAC-01-01-1.png\",\"contentUrl\":\"https:\\\/\\\/reddeapoyocanino.org\\\/wp-content\\\/uploads\\\/2020\\\/09\\\/cropped-cropped-logo-RAC-01-01-1.png\",\"width\":463,\"height\":203,\"caption\":\"Red de Apoyo Canino\"},\"image\":{\"@id\":\"https:\\\/\\\/reddeapoyocanino.org\\\/#\\\/schema\\\/logo\\\/image\\\/\"}}]}<\/script>\n<!-- \/ Yoast SEO plugin. -->","yoast_head_json":{"title":"Taller T\u00e9cnicas de Paseo con tu mascota, s\u00e1bado 28 de agosto - Red de Apoyo Canino","robots":{"index":"index","follow":"follow","max-snippet":"max-snippet:-1","max-image-preview":"max-image-preview:large","max-video-preview":"max-video-preview:-1"},"canonical":"https:\/\/reddeapoyocanino.org\/en\/events\/taller-tecnicas-de-paseo-con-tu-mascota-sabado-21-de-agosto\/","og_locale":"en_US","og_type":"article","og_title":"Taller T\u00e9cnicas de Paseo con tu mascota, s\u00e1bado 28 de agosto - Red de Apoyo Canino","og_description":"Taller Te\u00f3rico Pr\u00e1ctico #2 T\u00e9cnicas de Paseo con tu mascota. Dictado por FUNCAVEN (Pro-Fondos RAC) Duraci\u00f3n: 01 d\u00eda. Fecha: S\u00e1bado 28 de Agosto 2021. Horario: Tarde a partir de las [&hellip;]","og_url":"https:\/\/reddeapoyocanino.org\/en\/events\/taller-tecnicas-de-paseo-con-tu-mascota-sabado-21-de-agosto\/","og_site_name":"Red de Apoyo Canino","article_modified_time":"2021-08-20T13:54:53+00:00","og_image":[{"width":1411,"height":512,"url":"https:\/\/reddeapoyocanino.org\/wp-content\/uploads\/2021\/06\/Taller-2.png","type":"image\/png"}],"twitter_card":"summary_large_image","twitter_misc":{"Est. reading time":"1 minute"},"schema":{"@context":"https:\/\/schema.org","@graph":[{"@type":"WebPage","@id":"https:\/\/reddeapoyocanino.org\/en\/events\/taller-tecnicas-de-paseo-con-tu-mascota-sabado-21-de-agosto\/","url":"https:\/\/reddeapoyocanino.org\/en\/events\/taller-tecnicas-de-paseo-con-tu-mascota-sabado-21-de-agosto\/","name":"Taller T\u00e9cnicas de Paseo con tu mascota, s\u00e1bado 28 de agosto - Red de Apoyo Canino","isPartOf":{"@id":"https:\/\/reddeapoyocanino.org\/#website"},"primaryImageOfPage":{"@id":"https:\/\/reddeapoyocanino.org\/en\/events\/taller-tecnicas-de-paseo-con-tu-mascota-sabado-21-de-agosto\/#primaryimage"},"image":{"@id":"https:\/\/reddeapoyocanino.org\/en\/events\/taller-tecnicas-de-paseo-con-tu-mascota-sabado-21-de-agosto\/#primaryimage"},"thumbnailUrl":"https:\/\/reddeapoyocanino.org\/wp-content\/uploads\/2021\/06\/Taller-2.png","datePublished":"2021-06-29T18:34:08+00:00","dateModified":"2021-08-20T13:54:53+00:00","breadcrumb":{"@id":"https:\/\/reddeapoyocanino.org\/en\/events\/taller-tecnicas-de-paseo-con-tu-mascota-sabado-21-de-agosto\/#breadcrumb"},"inLanguage":"en-US","potentialAction":[{"@type":"ReadAction","target":["https:\/\/reddeapoyocanino.org\/en\/events\/taller-tecnicas-de-paseo-con-tu-mascota-sabado-21-de-agosto\/"]}]},{"@type":"ImageObject","inLanguage":"en-US","@id":"https:\/\/reddeapoyocanino.org\/en\/events\/taller-tecnicas-de-paseo-con-tu-mascota-sabado-21-de-agosto\/#primaryimage","url":"https:\/\/reddeapoyocanino.org\/wp-content\/uploads\/2021\/06\/Taller-2.png","contentUrl":"https:\/\/reddeapoyocanino.org\/wp-content\/uploads\/2021\/06\/Taller-2.png","width":1411,"height":512},{"@type":"BreadcrumbList","@id":"https:\/\/reddeapoyocanino.org\/en\/events\/taller-tecnicas-de-paseo-con-tu-mascota-sabado-21-de-agosto\/#breadcrumb","itemListElement":[{"@type":"ListItem","position":1,"name":"Home","item":"https:\/\/reddeapoyocanino.org\/"},{"@type":"ListItem","position":2,"name":"Eventos","item":"https:\/\/reddeapoyocanino.org\/events\/"},{"@type":"ListItem","position":3,"name":"Taller T\u00e9cnicas de Paseo con tu mascota, s\u00e1bado 28 de agosto"}]},{"@type":"WebSite","@id":"https:\/\/reddeapoyocanino.org\/#website","url":"https:\/\/reddeapoyocanino.org\/","name":"Red de Apoyo Canino","description":"Red de Apoyo Canino","publisher":{"@id":"https:\/\/reddeapoyocanino.org\/#organization"},"potentialAction":[{"@type":"SearchAction","target":{"@type":"EntryPoint","urlTemplate":"https:\/\/reddeapoyocanino.org\/?s={search_term_string}"},"query-input":{"@type":"PropertyValueSpecification","valueRequired":true,"valueName":"search_term_string"}}],"inLanguage":"en-US"},{"@type":"Organization","@id":"https:\/\/reddeapoyocanino.org\/#organization","name":"Red de Apoyo Canino","url":"https:\/\/reddeapoyocanino.org\/","logo":{"@type":"ImageObject","inLanguage":"en-US","@id":"https:\/\/reddeapoyocanino.org\/#\/schema\/logo\/image\/","url":"https:\/\/reddeapoyocanino.org\/wp-content\/uploads\/2020\/09\/cropped-cropped-logo-RAC-01-01-1.png","contentUrl":"https:\/\/reddeapoyocanino.org\/wp-content\/uploads\/2020\/09\/cropped-cropped-logo-RAC-01-01-1.png","width":463,"height":203,"caption":"Red de Apoyo Canino"},"image":{"@id":"https:\/\/reddeapoyocanino.org\/#\/schema\/logo\/image\/"}}]}},"_links":{"self":[{"href":"https:\/\/reddeapoyocanino.org\/en\/wp-json\/wp\/v2\/mec-events\/7937","targetHints":{"allow":["GET"]}}],"collection":[{"href":"https:\/\/reddeapoyocanino.org\/en\/wp-json\/wp\/v2\/mec-events"}],"about":[{"href":"https:\/\/reddeapoyocanino.org\/en\/wp-json\/wp\/v2\/types\/mec-events"}],"author":[{"embeddable":true,"href":"https:\/\/reddeapoyocanino.org\/en\/wp-json\/wp\/v2\/users\/2"}],"replies":[{"embeddable":true,"href":"https:\/\/reddeapoyocanino.org\/en\/wp-json\/wp\/v2\/comments?post=7937"}],"wp:featuredmedia":[{"embeddable":true,"href":"https:\/\/reddeapoyocanino.org\/en\/wp-json\/wp\/v2\/media\/7938"}],"wp:attachment":[{"href":"https:\/\/reddeapoyocanino.org\/en\/wp-json\/wp\/v2\/media?parent=7937"}],"wp:term":[{"taxonomy":"post_tag","embeddable":true,"href":"https:\/\/reddeapoyocanino.org\/en\/wp-json\/wp\/v2\/tags?post=7937"},{"taxonomy":"mec_category","embeddable":true,"href":"https:\/\/reddeapoyocanino.org\/en\/wp-json\/wp\/v2\/mec_category?post=7937"}],"curies":[{"name":"wp","href":"https:\/\/api.w.org\/{rel}","templated":true}]}}